{"id":56,"date":"2013-10-05T21:58:38","date_gmt":"2013-10-05T19:58:38","guid":{"rendered":"http:\/\/inventons.be\/WordPress3\/?page_id=56"},"modified":"2024-08-30T21:16:26","modified_gmt":"2024-08-30T19:16:26","slug":"inscription","status":"publish","type":"page","link":"http:\/\/inventons.be\/WordPress3\/inscription\/","title":{"rendered":"Stages"},"content":{"rendered":"\n<p><\/p>\n\n\n\n<p><\/p>\n\n\n\n<p class=\"has-text-align-center\"><strong>Nos stages sont propos\u00e9s aux enfants qui ont envie de d\u00e9couvrir l&rsquo;univers du livre sans lire &#8230; Eh oui ! C&rsquo;est possible. De le vivre, de les cr\u00e9er, de bouger, qui aiment les collaborations et les d\u00e9couvertes.&nbsp;<\/strong><\/p>\n\n\n\n<p class=\"has-text-align-center\"><strong>Que tu aies des difficult\u00e9s ou non, nous essaierons de te d\u00e9couvrir et de te permettre de t&rsquo;\u00e9panouir.&nbsp;<\/strong><\/p>\n\n\n\n<p><\/p>\n\n\n\n<p><\/p>\n\n\n\n<p><strong>Voici la liste de nos diff\u00e9rents stages pour l&rsquo;ann\u00e9e 2024-2025:<\/strong><\/p>\n\n\n\n<p><\/p>\n\n\n\n<p><\/p>\n\n\n\n<p class=\"has-text-align-center\"><strong> Stage Cornebidouille du 24 f\u00e9vrier 2025 au 28 f\u00e9vrier 2025<\/strong><\/p>\n\n\n\n<p><strong>Tu connais Cornebidouille qui \u00e9tait une jolie petite princesse!<br>Eh oui! Nous aussi, on est surpris.<br>Mais elle rencontra sa tante Cracrabidouille qui lui fit boire de la soupe.<\/strong><\/p>\n\n\n\n<p><strong>Eh l\u00e0 ! Tout part en cacahu\u00e8te\u2026<br>Durant cette semaine, nous d\u00e9couvrirons les potions, les manigances et l\u2019esprit&nbsp; Cornebidouille ! Mais promis nous ne boirons pas de soupe.<\/strong><\/p>\n\n\n\n<p><\/p>\n\n\n\n<p><strong>Possibilit\u00e9 de garderie sur demande.<\/strong><\/p>\n\n\n\n<p><strong>Prix du stage: 120\u20ac <\/strong><\/p>\n\n\n\n<p><strong>Plus d&rsquo;infos? Appellez la responsable des stages, Lisein au&nbsp;0498\/<a rel=\"noreferrer noopener\" href=\"http:\/\/63.99.0.68\/\" target=\"_blank\">63.99.68<\/a><\/strong><\/p>\n\n\n\n<p><strong>Pour inscrire votre enfant, scannez le QR code ci-dessous:<\/strong><\/p>\n\n\n<div class=\"wp-block-image\">\n<figure class=\"aligncenter size-full is-resized\"><a href=\"http:\/\/inventons.be\/WordPress3\/wp-content\/uploads\/2024\/08\/image.png\"><img decoding=\"async\" loading=\"lazy\" src=\"http:\/\/inventons.be\/WordPress3\/wp-content\/uploads\/2024\/08\/image.png\" alt=\"\" class=\"wp-image-736\" width=\"165\" height=\"166\" srcset=\"http:\/\/inventons.be\/WordPress3\/wp-content\/uploads\/2024\/08\/image.png 361w, http:\/\/inventons.be\/WordPress3\/wp-content\/uploads\/2024\/08\/image-298x300.png 298w, http:\/\/inventons.be\/WordPress3\/wp-content\/uploads\/2024\/08\/image-150x150.png 150w\" sizes=\"(max-width: 165px) 100vw, 165px\" \/><\/a><\/figure><\/div>\n\n\n<p><\/p>\n\n\n\n<p><\/p>\n\n\n\n<p class=\"has-text-align-center\"><strong>Stage lapin de P\u00e2ques du 5 mai au 9 mai 2025<\/strong><\/p>\n\n\n\n<p><strong>Le lapin de P\u00e2ques est une cr\u00e9ature magique qui apporte joie et surprise \u00e0 chaque printemps. Il personnalise ses \u0153ufs color\u00e9s, les cache dans le jardin pour donner espoir et renouveau \u00e0 tous les habitants de la maisonn\u00e9e.<\/strong><\/p>\n\n\n\n<p><strong>A travers les livres et les contes, tu imagineras ses amis et les autres personnages f\u00e9\u00e9riques qui permettrons de vivre une semaine pleine de magie.<\/strong><\/p>\n\n\n\n<p><strong>Possibilit\u00e9 de garderie sur demande.<\/strong><\/p>\n\n\n\n<p><strong>Prix du stage: <strong>120\u20ac <\/strong><\/strong><\/p>\n\n\n\n<p> <strong>Plus d&rsquo;infos? Appellez la responsable des stages, Lisein au&nbsp;0498\/<a rel=\"noreferrer noopener\" href=\"http:\/\/63.99.0.68\/\" target=\"_blank\">63.99.68.<\/a><\/strong> <\/p>\n\n\n\n<p><strong>Pour inscrire votre enfant, scannez le QR code ci-dessous:<\/strong><\/p>\n\n\n<div class=\"wp-block-image\">\n<figure class=\"aligncenter size-full is-resized\"><a href=\"http:\/\/inventons.be\/WordPress3\/wp-content\/uploads\/2024\/08\/image.png\"><img decoding=\"async\" loading=\"lazy\" src=\"http:\/\/inventons.be\/WordPress3\/wp-content\/uploads\/2024\/08\/image.png\" alt=\"\" class=\"wp-image-736\" width=\"165\" height=\"166\" srcset=\"http:\/\/inventons.be\/WordPress3\/wp-content\/uploads\/2024\/08\/image.png 361w, http:\/\/inventons.be\/WordPress3\/wp-content\/uploads\/2024\/08\/image-298x300.png 298w, http:\/\/inventons.be\/WordPress3\/wp-content\/uploads\/2024\/08\/image-150x150.png 150w\" sizes=\"(max-width: 165px) 100vw, 165px\" \/><\/a><\/figure><\/div>\n\n\n<p><\/p>\n\n\n\n<p><\/p>\n\n\n\n<p class=\"has-text-align-center\"><strong>Stage Relax Max du 14 au 18 juillet 2025<\/strong><\/p>\n\n\n\n<p><strong>Plongez dans un univers de d\u00e9tente avec \u2018Relax Max\u2019. Profitez de moments de farniente sur des transats, \u00e0 l\u2019ombre des parasols, avec des boissons fra\u00eeches \u00e0 port\u00e9e de main. Un stage d\u00e9di\u00e9 \u00e0 la relaxation totale.<br>Nous concocterons de belles recettes, des bricolages&nbsp; avec des ingr\u00e9dients in\u00e9dits et des moments de d\u00e9tente.<\/strong><\/p>\n\n\n\n<p><strong>Possibilit\u00e9 de garderie sur demande.<\/strong><\/p>\n\n\n\n<p><strong>Prix du stage: <strong>120\u20ac <\/strong><\/strong><\/p>\n\n\n\n<p><strong>Plus d&rsquo;infos? Appellez la responsable des stages, Lisein au&nbsp;0498\/<a rel=\"noreferrer noopener\" href=\"http:\/\/63.99.0.68\/\" target=\"_blank\">63.99.68.<\/a><\/strong> <\/p>\n\n\n\n<p><strong>Pour inscrire votre enfant, scannez le QR code ci-dessous:<\/strong><\/p>\n\n\n<div class=\"wp-block-image\">\n<figure class=\"aligncenter size-full is-resized\"><a href=\"http:\/\/inventons.be\/WordPress3\/wp-content\/uploads\/2024\/08\/image.png\"><img decoding=\"async\" loading=\"lazy\" src=\"http:\/\/inventons.be\/WordPress3\/wp-content\/uploads\/2024\/08\/image.png\" alt=\"\" class=\"wp-image-736\" width=\"165\" height=\"166\" srcset=\"http:\/\/inventons.be\/WordPress3\/wp-content\/uploads\/2024\/08\/image.png 361w, http:\/\/inventons.be\/WordPress3\/wp-content\/uploads\/2024\/08\/image-298x300.png 298w, http:\/\/inventons.be\/WordPress3\/wp-content\/uploads\/2024\/08\/image-150x150.png 150w\" sizes=\"(max-width: 165px) 100vw, 165px\" \/><\/a><\/figure><\/div>\n\n\n<p><\/p>\n\n\n\n<p><\/p>\n\n\n\n<p class=\"has-text-align-center\"><strong>Stage Uno du 22 au 27 juillet 2025<\/strong><\/p>\n\n\n\n<p><strong>Dans les ann\u00e9es 70, un papa et son fils se disputent les r\u00e8gles du 8 am\u00e9ricain\u2026 Si tu veux d\u00e9couvrir la suite, cr\u00e9er ton propre jeu, en exp\u00e9rimenter d\u2019autres, d\u00e9velopper ton imagination\u2026<\/strong><\/p>\n\n\n\n<p><strong>Il y aura des gagnants, des perdants, des r\u00e9ussites en \u00e9quipes et de la bonne humeur! Ce stage offre une immersion compl\u00e8te dans l\u2019univers des jeux de soci\u00e9t\u00e9 et des jeux ext\u00e9rieurs!<\/strong><\/p>\n\n\n\n<p><strong>Possibilit\u00e9 de garderie sur demande.<\/strong><\/p>\n\n\n\n<p><strong>Prix du stage: <strong>120\u20ac <\/strong><\/strong><\/p>\n\n\n\n<p> <strong>Plus d&rsquo;infos? Appellez la responsable des stages, Lisein au&nbsp;0498\/<a rel=\"noreferrer noopener\" href=\"http:\/\/63.99.0.68\/\" target=\"_blank\">63.99.68.<\/a><\/strong> <\/p>\n\n\n\n<p><strong>Pour inscrire votre enfant, scannez le QR code ci-dessous:<\/strong><\/p>\n\n\n<div class=\"wp-block-image\">\n<figure class=\"aligncenter size-full is-resized\"><a href=\"http:\/\/inventons.be\/WordPress3\/wp-content\/uploads\/2024\/08\/image.png\"><img decoding=\"async\" loading=\"lazy\" src=\"http:\/\/inventons.be\/WordPress3\/wp-content\/uploads\/2024\/08\/image.png\" alt=\"\" class=\"wp-image-736\" width=\"165\" height=\"166\" srcset=\"http:\/\/inventons.be\/WordPress3\/wp-content\/uploads\/2024\/08\/image.png 361w, http:\/\/inventons.be\/WordPress3\/wp-content\/uploads\/2024\/08\/image-298x300.png 298w, http:\/\/inventons.be\/WordPress3\/wp-content\/uploads\/2024\/08\/image-150x150.png 150w\" sizes=\"(max-width: 165px) 100vw, 165px\" \/><\/a><\/figure><\/div>\n\n\n<p><\/p>\n\n\n\n<p><\/p>\n\n\n\n<p class=\"has-text-align-center\"><strong>Stage Uno du 4 au 8 ao\u00fbt 2025<\/strong><\/p>\n\n\n\n<p><strong>Dans les ann\u00e9es 70, un papa et son fils se disputent les r\u00e8gles du 8 am\u00e9ricain\u2026 Si tu veux d\u00e9couvrir la suite, cr\u00e9er ton propre jeu, en exp\u00e9rimenter d\u2019autres, d\u00e9velopper ton imagination\u2026<\/strong><\/p>\n\n\n\n<p><strong>Il y aura des gagnants, des perdants, des r\u00e9ussites en \u00e9quipes et de la bonne humeur! Ce stage offre une immersion compl\u00e8te dans l\u2019univers des jeux de soci\u00e9t\u00e9 et des jeux ext\u00e9rieurs!<\/strong><\/p>\n\n\n\n<p><strong>Possibilit\u00e9 de garderie sur demande.<\/strong><\/p>\n\n\n\n<p><strong>Prix du stage: <strong>120\u20ac <\/strong><\/strong><\/p>\n\n\n\n<p><strong>Plus d&rsquo;infos? Appellez la responsable des stages, Lisein au&nbsp;0498\/<a rel=\"noreferrer noopener\" href=\"http:\/\/63.99.0.68\/\" target=\"_blank\">63.99.68.<\/a><\/strong> <\/p>\n\n\n\n<p><strong>Pour inscrire votre enfant, scannez le QR code ci-dessous:<\/strong><\/p>\n\n\n<div class=\"wp-block-image\">\n<figure class=\"aligncenter size-full is-resized\"><a href=\"http:\/\/inventons.be\/WordPress3\/wp-content\/uploads\/2024\/08\/image.png\"><img decoding=\"async\" loading=\"lazy\" src=\"http:\/\/inventons.be\/WordPress3\/wp-content\/uploads\/2024\/08\/image.png\" alt=\"\" class=\"wp-image-736\" width=\"165\" height=\"166\" srcset=\"http:\/\/inventons.be\/WordPress3\/wp-content\/uploads\/2024\/08\/image.png 361w, http:\/\/inventons.be\/WordPress3\/wp-content\/uploads\/2024\/08\/image-298x300.png 298w, http:\/\/inventons.be\/WordPress3\/wp-content\/uploads\/2024\/08\/image-150x150.png 150w\" sizes=\"(max-width: 165px) 100vw, 165px\" \/><\/a><\/figure><\/div>\n\n\n<p><\/p>\n\n\n\n<p><\/p>\n\n\n\n<p class=\"has-text-align-center\"><strong>Stage Tutti Frutti du 18 au 22 ao\u00fbt 2025<\/strong><\/p>\n\n\n\n<p><strong>Dans une ambiance d\u00e9contract\u00e9e, tu d\u00e9couvriras diff\u00e9rentes mati\u00e8res en modelant des objets issus de ton imaginaire. Des couleurs, des formes, des textures, des d\u00e9gustations, des rires et du bonheur&nbsp; en couleur !<\/strong><\/p>\n\n\n\n<p><strong>Possibilit\u00e9 de garderie sur demande.<\/strong><\/p>\n\n\n\n<p><strong>Prix du stage: <strong>120\u20ac <\/strong><\/strong><\/p>\n\n\n\n<p><strong>Plus d&rsquo;infos? Appellez la responsable des stages, Lisein au&nbsp;0498\/<a rel=\"noreferrer noopener\" href=\"http:\/\/63.99.0.68\/\" target=\"_blank\">63.99.68.<\/a><\/strong> <\/p>\n\n\n\n<p><strong>Pour inscrire votre enfant, scannez le QR code ci-dessous:<\/strong><\/p>\n\n\n<div class=\"wp-block-image\">\n<figure class=\"aligncenter size-full is-resized\"><a href=\"http:\/\/inventons.be\/WordPress3\/wp-content\/uploads\/2024\/08\/image.png\"><img decoding=\"async\" loading=\"lazy\" src=\"http:\/\/inventons.be\/WordPress3\/wp-content\/uploads\/2024\/08\/image.png\" alt=\"\" class=\"wp-image-736\" width=\"165\" height=\"166\" srcset=\"http:\/\/inventons.be\/WordPress3\/wp-content\/uploads\/2024\/08\/image.png 361w, http:\/\/inventons.be\/WordPress3\/wp-content\/uploads\/2024\/08\/image-298x300.png 298w, http:\/\/inventons.be\/WordPress3\/wp-content\/uploads\/2024\/08\/image-150x150.png 150w\" sizes=\"(max-width: 165px) 100vw, 165px\" \/><\/a><\/figure><\/div>\n\n\n<p><\/p>\n\n\n\n<p><\/p>\n\n\n<div class=\"wp-block-image\">\n<figure class=\"aligncenter is-resized\"><img decoding=\"async\" loading=\"lazy\" src=\"http:\/\/inventons.be\/WordPress3\/wp-content\/uploads\/2023\/05\/Color-logo-with-background-1024x1024.png\" alt=\"\" class=\"wp-image-650\" width=\"260\" height=\"260\" srcset=\"http:\/\/inventons.be\/WordPress3\/wp-content\/uploads\/2023\/05\/Color-logo-with-background-1024x1024.png 1024w, http:\/\/inventons.be\/WordPress3\/wp-content\/uploads\/2023\/05\/Color-logo-with-background-150x150.png 150w, http:\/\/inventons.be\/WordPress3\/wp-content\/uploads\/2023\/05\/Color-logo-with-background-300x300.png 300w, http:\/\/inventons.be\/WordPress3\/wp-content\/uploads\/2023\/05\/Color-logo-with-background-768x768.png 768w\" sizes=\"(max-width: 260px) 100vw, 260px\" \/><\/figure><\/div>","protected":false},"excerpt":{"rendered":"<p>Nos stages sont propos\u00e9s aux enfants qui ont envie de d\u00e9couvrir l&rsquo;univers du livre sans lire &#8230; Eh oui !&#8230; <a href=\"http:\/\/inventons.be\/WordPress3\/inscription\/\">read more<\/a><\/p>\n","protected":false},"author":1,"featured_media":0,"parent":0,"menu_order":0,"comment_status":"closed","ping_status":"closed","template":"","meta":[],"_links":{"self":[{"href":"http:\/\/inventons.be\/WordPress3\/wp-json\/wp\/v2\/pages\/56"}],"collection":[{"href":"http:\/\/inventons.be\/WordPress3\/wp-json\/wp\/v2\/pages"}],"about":[{"href":"http:\/\/inventons.be\/WordPress3\/wp-json\/wp\/v2\/types\/page"}],"author":[{"embeddable":true,"href":"http:\/\/inventons.be\/WordPress3\/wp-json\/wp\/v2\/users\/1"}],"replies":[{"embeddable":true,"href":"http:\/\/inventons.be\/WordPress3\/wp-json\/wp\/v2\/comments?post=56"}],"version-history":[{"count":50,"href":"http:\/\/inventons.be\/WordPress3\/wp-json\/wp\/v2\/pages\/56\/revisions"}],"predecessor-version":[{"id":740,"href":"http:\/\/inventons.be\/WordPress3\/wp-json\/wp\/v2\/pages\/56\/revisions\/740"}],"wp:attachment":[{"href":"http:\/\/inventons.be\/WordPress3\/wp-json\/wp\/v2\/media?parent=56"}],"curies":[{"name":"wp","href":"https:\/\/api.w.org\/{rel}","templated":true}]}}