{"id":10,"date":"2013-10-05T21:05:16","date_gmt":"2013-10-05T19:05:16","guid":{"rendered":"http:\/\/inventons.be\/WordPress3\/?page_id=10"},"modified":"2023-06-02T22:45:00","modified_gmt":"2023-06-02T20:45:00","slug":"equipe","status":"publish","type":"page","link":"http:\/\/inventons.be\/WordPress3\/equipe\/","title":{"rendered":"Equipe"},"content":{"rendered":"\n<p><strong>Roxane Burton<\/strong><\/p>\n\n\n\n<figure class=\"wp-block-image is-resized\"><img decoding=\"async\" loading=\"lazy\" src=\"http:\/\/inventons.be\/WordPress3\/wp-content\/uploads\/2019\/02\/thumbnail_10784447904_IMG_0494-1024x682.jpg\" alt=\"\" class=\"wp-image-489\" width=\"282\" height=\"188\" srcset=\"http:\/\/inventons.be\/WordPress3\/wp-content\/uploads\/2019\/02\/thumbnail_10784447904_IMG_0494-1024x682.jpg 1024w, http:\/\/inventons.be\/WordPress3\/wp-content\/uploads\/2019\/02\/thumbnail_10784447904_IMG_0494-300x200.jpg 300w, http:\/\/inventons.be\/WordPress3\/wp-content\/uploads\/2019\/02\/thumbnail_10784447904_IMG_0494-768x512.jpg 768w, http:\/\/inventons.be\/WordPress3\/wp-content\/uploads\/2019\/02\/thumbnail_10784447904_IMG_0494.jpg 1280w\" sizes=\"(max-width: 282px) 100vw, 282px\" \/><\/figure>\n\n\n<p><strong>Psychologue\u00a0agr\u00e9\u00e9e par la commission f\u00e9d\u00e9rale des psychologues (n\u00b0 agr\u00e9ment: 862214911) et la mutuelle Solidaris.<\/strong><\/p>\n<p><strong>Psychologue\u00a0sp\u00e9cialis\u00e9e dans le suivi d&rsquo;enfants et d&rsquo;adolescents dans son cabinet priv\u00e9: <a href=\"http:\/\/racontemoitonhistoire.be\">www.racontemoitonhistoire.be<\/a><\/strong><\/p>\n<p><strong>Psychologue \u00e0 mi-temps au sein\u00a0du Service R\u00e9sidentiel G\u00e9n\u00e9ral (SRG) l\u2019Espoir \u00e0 Amay.<\/strong><\/p>\n<p>\u00a0<\/p>\n<p><strong>D\u00e9tentrice d&rsquo;un Master en sciences psychologiques \u00e0 finalit\u00e9 sp\u00e9cialis\u00e9e (UCL 2009).<\/strong><\/p>\n<p><strong>Formations post-Master suivies:<\/strong><\/p>\n<ul>\n<li><strong>Formation \u00e0 l&rsquo;outil \u00ab\u00a0Best-Of\u00a0\u00bb (2020)<\/strong><\/li>\n<li><strong>\u00ab\u00a0Diagnostic et personnalit\u00e9 en clinique infantile\u00a0\u00bb (2020).<\/strong><\/li>\n<li><strong>\u00ab\u00a0G\u00e9nogramme imaginaire &#8211; Objet m\u00e9dia(teur) dans le champs m\u00e9dico-social et\/ou th\u00e9rapeutique\u00a0\u00bb (2019).<\/strong><\/li>\n<li><strong>\u00ab\u00a0Accompagner la parentalit\u00e9 par le jeu\u00a0\u00bb (2019).<\/strong><\/li>\n<li><strong>Formation \u00e0 l\u2019approche Snoezelen (2019).<\/strong><\/li>\n<li><strong>Initiation \u00e0\u00a0 la CNV (communication non violente) (2018).<\/strong><\/li>\n<li><strong>\u00ab\u00a0Techniques de Yoga pour enfants\u00a0\u00bb (2018).<\/strong><\/li>\n<li><strong>\u00ab\u00a0Programme d\u2019entrainement \u00e0 la pleine conscience (mindfulness) en 8 s\u00e9ances (2018).<\/strong><\/li>\n<li><strong>\u00ab\u00a0Formation \u00e0 Dixyst \u2013 Objet M\u00e9diat(eur) dans le champ m\u00e9dico-social et\/ou th\u00e9rapeutique \u2013 Module2 (Syst\u00e8mes)\u00a0\u00bb ( 2017).<\/strong><\/li>\n<li><strong>\u00ab\u00a0Les masques en art-th\u00e9rapie\u00a0\u00bb (2016).<\/strong><\/li>\n<li><strong>\u00ab\u00a0Initiation \u00e0 Dixyst \u2013 Objet M\u00e9diat(eur) dans le champs m\u00e9dico-social et\/ou th\u00e9rapeutique \u2013 Module 1\u00a0\u00bb ( 2016).<\/strong><\/li>\n<li><strong>\u00ab\u00a0Il \u00e9tait une fois\u2026 le conte comme outil th\u00e9rapeutique dans le travail avec les enfants en difficult\u00e9\u00a0\u00bb (2016).<\/strong><\/li>\n<li><strong>\u00ab\u00a0Th\u00e9rapie par le Jeu et la Cr\u00e9ativit\u00e9\u00a0\u00bb (2013-2015).<\/strong><\/li>\n<li><strong>\u00ab\u00a0Initiation \u00e0 l\u2019art-th\u00e9rapie et aux techniques corporelles pour enfants et adolescents\u00a0\u00bb (2011-2012).<\/strong><\/li>\n<\/ul>\n<p><strong>Int\u00e9r\u00eat particulier pour le travail autour de la cr\u00e9ativit\u00e9 des enfants au travers du dessin, de la peinture, du modelage,&#8230;<\/strong><\/p>\n<p>\u00a0<\/p>\n<p><strong>Nadine Sale<\/strong><\/p>\n<p><a href=\"http:\/\/inventons.be\/WordPress3\/wp-content\/uploads\/2013\/10\/20170602_141755.jpg\"><img decoding=\"async\" loading=\"lazy\" class=\"alignnone wp-image-456 \" src=\"http:\/\/inventons.be\/WordPress3\/wp-content\/uploads\/2013\/10\/20170602_141755-300x225.jpg\" alt=\"\" width=\"197\" height=\"263\" \/><\/a><\/p>\n<p><strong>Art-th\u00e9rapeute \u00e0 la clinique Sans Soucis de Jette.<\/strong><\/p>\n<p><strong>Responsable d&rsquo;ateliers artistiques au sein de l\u2019accueil extra-scolaire d&rsquo;Hannut.<\/strong><\/p>\n<p><strong>Int\u00e9r\u00eat particulier pour le travail cr\u00e9atif et artistique.<br \/><\/strong><\/p>\n<p>\u00a0<\/p>\n<p><strong>Evelyne Lisein<\/strong><\/p>\n<p><br \/><a href=\"http:\/\/inventons.be\/WordPress3\/wp-content\/uploads\/2023\/06\/Capture.jpg\"><img decoding=\"async\" loading=\"lazy\" class=\"alignnone size-medium wp-image-715\" src=\"http:\/\/inventons.be\/WordPress3\/wp-content\/uploads\/2023\/06\/Capture-230x300.jpg\" alt=\"\" width=\"230\" height=\"300\" srcset=\"http:\/\/inventons.be\/WordPress3\/wp-content\/uploads\/2023\/06\/Capture-230x300.jpg 230w, http:\/\/inventons.be\/WordPress3\/wp-content\/uploads\/2023\/06\/Capture.jpg 315w\" sizes=\"(max-width: 230px) 100vw, 230px\" \/><\/a><\/p>\n<p><strong>D\u00e9tentrice d&rsquo;un bachelier en logop\u00e9die (2010)<\/strong><\/p>\n<p><strong>Logop\u00e8de ind\u00e9pendante dans son cabinet implant\u00e9 \u00e0 Moxhe qui a \u00e9galement travaill\u00e9 dans un CPAS et un centre PMS.<\/strong><\/p>\n<p><strong>Ses objectifs: am\u00e9liorer le lien entre les socles de comp\u00e9tences p\u00e9dagogiques et les comp\u00e9tences m\u00e9dicales pour amener un partenariat entre les diff\u00e9rents intervenants qui sont face \u00e0 l\u2019enfant. Mais \u00e9galement m<\/strong><strong>ises en place des am\u00e9nagements raisonnables et des adaptations pour les enfants \u00e0 besoins sp\u00e9cifiques.<\/strong><\/p>\n<p>\u00a0<\/p>\n<p><strong>Des intervenants ext\u00e9rieurs (psychologue, psychoth\u00e9rapeute, sophrologue,&#8230;) peuvent \u00eatre sollicit\u00e9s de mani\u00e8re ponctuelle pour encadrer certaines activit\u00e9s sp\u00e9cifiques.<\/strong><\/p>\n<p>\u00a0<\/p>\n\n\n<h2 class=\"wp-block-heading\"><\/h2>\n\n\n<div class=\"wp-block-image\">\n<figure class=\"aligncenter is-resized\"><img decoding=\"async\" loading=\"lazy\" src=\"http:\/\/inventons.be\/WordPress3\/wp-content\/uploads\/2023\/05\/Color-logo-with-background-1024x1024.png\" alt=\"\" class=\"wp-image-650\" width=\"211\" height=\"211\" srcset=\"http:\/\/inventons.be\/WordPress3\/wp-content\/uploads\/2023\/05\/Color-logo-with-background-1024x1024.png 1024w, http:\/\/inventons.be\/WordPress3\/wp-content\/uploads\/2023\/05\/Color-logo-with-background-150x150.png 150w, http:\/\/inventons.be\/WordPress3\/wp-content\/uploads\/2023\/05\/Color-logo-with-background-300x300.png 300w, http:\/\/inventons.be\/WordPress3\/wp-content\/uploads\/2023\/05\/Color-logo-with-background-768x768.png 768w\" sizes=\"(max-width: 211px) 100vw, 211px\" \/><\/figure><\/div>","protected":false},"excerpt":{"rendered":"<p>Roxane Burton Psychologue\u00a0agr\u00e9\u00e9e par la commission f\u00e9d\u00e9rale des psychologues (n\u00b0 agr\u00e9ment: 862214911) et la mutuelle Solidaris. Psychologue\u00a0sp\u00e9cialis\u00e9e dans le suivi&#8230; <a href=\"http:\/\/inventons.be\/WordPress3\/equipe\/\">read more<\/a><\/p>\n","protected":false},"author":1,"featured_media":0,"parent":0,"menu_order":0,"comment_status":"closed","ping_status":"closed","template":"","meta":[],"_links":{"self":[{"href":"http:\/\/inventons.be\/WordPress3\/wp-json\/wp\/v2\/pages\/10"}],"collection":[{"href":"http:\/\/inventons.be\/WordPress3\/wp-json\/wp\/v2\/pages"}],"about":[{"href":"http:\/\/inventons.be\/WordPress3\/wp-json\/wp\/v2\/types\/page"}],"author":[{"embeddable":true,"href":"http:\/\/inventons.be\/WordPress3\/wp-json\/wp\/v2\/users\/1"}],"replies":[{"embeddable":true,"href":"http:\/\/inventons.be\/WordPress3\/wp-json\/wp\/v2\/comments?post=10"}],"version-history":[{"count":56,"href":"http:\/\/inventons.be\/WordPress3\/wp-json\/wp\/v2\/pages\/10\/revisions"}],"predecessor-version":[{"id":716,"href":"http:\/\/inventons.be\/WordPress3\/wp-json\/wp\/v2\/pages\/10\/revisions\/716"}],"wp:attachment":[{"href":"http:\/\/inventons.be\/WordPress3\/wp-json\/wp\/v2\/media?parent=10"}],"curies":[{"name":"wp","href":"https:\/\/api.w.org\/{rel}","templated":true}]}}